{"id":11,"date":"2019-05-24T22:13:47","date_gmt":"2019-05-24T19:13:47","guid":{"rendered":"http:\/\/demo.cizoglubilisim.com\/KRadio-1\/?page_id=11"},"modified":"2025-01-01T21:09:52","modified_gmt":"2025-01-01T21:09:52","slug":"hakkimizda","status":"publish","type":"page","link":"http:\/\/radyo50.com\/index.php\/hakkimizda\/","title":{"rendered":"Hakk\u0131m\u0131zda"},"content":{"rendered":"<p>1992 yilinda Kral FM logosu ile Kapadokya b\u00f6lgesine yayin yaparak yay\u0131n hayat\u0131na ba\u015flayan radyomuzun, g\u00fcn\u00fcm\u00fcze gelene kadar var olmasinda eme\u011fi ge\u00e7en herkese te\u015fekk\u00fcr ederiz. 02 \u015eubat 2007 tarihinde Paslanmaz Ajans A.\u015e. sahibi Ayse PASLANMAZ&#8217;a devri ger\u00e7ekle\u015fen radyomuzun o d\u00f6nemden sonra bir \u00e7ok \u00f6zelli\u011fi revize edilmi\u015ftir.<\/p>\n<p>Yeni y\u00f6netim, yenilenen alt yap\u0131si ile kapsama alani daha da genisledi&#8230;<\/p>\n<p>&#8220;Kapadokya&#8217;n\u0131n Y\u0131ld\u0131z\u0131&#8221; slogan\u0131 ile \u00e7\u0131k\u0131lan yolda ilk \u00f6nce radyomuzun logosu &#8220;\u00dcrg\u00fcp FM&#8221; olarak de\u011fi\u015ftirilmistir.<\/p>\n<p><strong>HAKKIMIZDA<\/strong><br \/>\nG\u00fcncellenen kadrosu, yenilenen alt yap\u0131s\u0131 ile yay\u0131nlar\u0131n daha geni\u015f kitlelere ula\u015fmas\u0131<br \/>\nsa\u011flanm\u0131\u015ft\u0131r. Yay\u0131n i\u00e7erisinde de revizyonlar yap\u0131larak; daha kaliteli yay\u0131n ak\u0131\u015f\u0131, do\u011fru ve g\u00fczel<br \/>\nT\u00fcrk\u00e7e kullan\u0131lmas\u0131na \u00f6zen g\u00f6sterilmi\u015ftir.<\/p>\n<p>Turizm b\u00f6lgesinin radyosu olmasi itibari ile yay\u0131n ak\u0131\u015flar\u0131nda yer verilen m\u00fczik t\u00fcr\u00fcne standart<br \/>\ngetirilmi\u015f, b\u00f6lge insan\u0131n\u0131n yan\u0131 s\u0131ra b\u00f6lgemize gelen misafirlerimizin de tercihi olabilecek alt<br \/>\nyap\u0131 olu\u015fturulmu\u015ftur.<\/p>\n<p>\u015eu an itibari ile de Radyo Televizyon \u00dcst Kurulu tarafindan belirlenen t\u00fcm standartlara<br \/>\nuyulmaktadir. \u00dcrg\u00fcp FM Yerel de\u011ferlerle evrensel de\u011ferleri harmanlamaya \u00e7al\u0131\u015f\u0131rken<br \/>\ne\u011flendiren, dinlendiren, d\u00fc\u015f\u00fcnd\u00fcren d\u00fczeyli bir yay\u0131n ahlak\u0131 anlay\u0131\u015f\u0131ndan hareketle bas\u0131n<br \/>\nmeslek ilkelerine sayg\u0131l\u0131 yay\u0131nc\u0131l\u0131\u011f\u0131 ilke edinmistir.<\/p>\n<p><strong>\u00dcRG\u00dcP FM Y\u00d6NET\u0130M KURULU BA\u015eKANI<br \/>\nAY\u015eE PASLANMAZ HAKKINDA<br \/>\n<\/strong><br \/>\n<strong>AY\u015eE PASLANMAZ<\/strong><br \/>\nNev\u015fehir&#8217;de do\u011fdu.<br \/>\nK\u00fclt\u00fcr ve Turizm Bakanl\u0131\u011f\u0131 Halk \u015fairi; Yazar ve Gazetecidir.<br \/>\nYerel Y\u00f6netimler ve Uluslararas\u0131 \u0130li\u015fkiler Mezunudur.<br \/>\n\u00dcrg\u00fcp FM&#8217;in sahibi ve Y\u00f6netim Kurulu Ba\u015fkan\u0131d\u0131r.<br \/>\nK\u00fclt\u00fcr Turizm ve Kalk\u0131nma Federasyonu Genel Ba\u015fkan Yard\u0131mc\u0131s\u0131d\u0131r.<br \/>\nKapadokya \u015eairler ve Yazarlar Birli\u011fi Derne\u011fi Ba\u015fkan\u0131d\u0131r.<br \/>\n\u0130LESAM Nev\u015fehir Temsilcisidir.<br \/>\n\u00dcrg\u00fcp Ticaret ve Sanayi Odas\u0131 Disiplin Kurulu Ba\u015fkan\u0131d\u0131r.<br \/>\nSar\u0131 Bas\u0131n Kart\u0131 sahibidir. Nev\u015fehir Gazeteciler Cemiyeti Y\u00f6netim Kurulu \u00dcyesidir.<\/p>\n<p>\u00dcrg\u00fcp Belediyesi Kent Konseyi Kad\u0131nlar Meclisi ba\u015fkan yard\u0131mc\u0131l\u0131\u011f\u0131 g\u00f6revini<br \/>\ny\u00fcr\u00fctmektedir.<\/p>\n<p>Geleneksel Olarak T\u00fcrkiye&#8217;de bir marka haline gelmi\u015f olan, uluslararas\u0131 d\u00fczeyde &#8220;Kapadokya<br \/>\n\u015eiir \u015e\u00f6leni&#8221; k\u00fclt\u00fcr ve sanat etkinliklerinin mimar\u0131 olup, 2006\u00a0 y\u0131l\u0131ndan bu yana her y\u0131l gurur ve<br \/>\nbasar\u0131yla organize etmektedir.<\/p>\n<p>D\u00fc\u015fler diyar\u0131 Kapadokya\u2019 da her y\u0131l d\u00fczenlemi\u015f oldu\u011fu \u015f\u00f6lenler kapsam\u0131nda masals\u0131<br \/>\nyar\u0131\u015fmalar d\u00fczenlemektedir. Nev\u015fehir\u2019de liseler aras\u0131nda ve T\u00fcrkiye \u00e7ap\u0131nda olmak \u00fczere iki<br \/>\nkategoride ses getiren \u015fiir yar\u0131\u015fmalar\u0131nda \u015fiirin sultanlar\u0131n\u0131 se\u00e7mektedir. T\u00fcrkiye ve D\u00fcnyada<br \/>\nbir ilki ger\u00e7ekle\u015ftirerek \u015fiir yar\u0131\u015fmas\u0131 birincilerine \u015fiir tac\u0131 giydirmektedir.<\/p>\n<p>2011 y\u0131l\u0131 6. Kapadokya \u015eiir \u015e\u00f6leni&#8217;nde alt\u0131 co\u011frafi b\u00f6lgeden 15 Belediye ba\u015fkan\u0131n\u0131, 10<br \/>\n\u00fclkeden ve T\u00fcrkiye\u2019den 100\u2019\u00fc a\u015fk\u0131n kat\u0131l\u0131mc\u0131y\u0131 \u015f\u00f6lende konuk etti. Ayr\u0131ca 6.Kapadokya \u015eiir<br \/>\n\u015e\u00f6leni kapsam\u0131nda Bursa Y\u0131ld\u0131r\u0131m Belediyesi 7.Uluslararas\u0131 T\u00fcrkiye \u00c2\u015f\u0131klar ve \u015eairler \u015e\u00f6leni<br \/>\nFoto\u011fraf sergisi a\u00e7\u0131l\u0131\u015f\u0131n\u0131 yaparak Kapadokya\u2019da tan\u0131t\u0131m\u0131n\u0131 sa\u011flad\u0131. Edebiyata hizmet eden ve<br \/>\n\u015fiir \u015f\u00f6lenleri d\u00fczenleyen belediye ba\u015fkanlar\u0131 Kapadokya \u015eiir \u015e\u00f6lenini onurland\u0131rd\u0131lar. Belediye<br \/>\nba\u015fkanlar\u0131na T\u00fcrk d\u00fcnyas\u0131na hizmet \u00f6d\u00fclleri, milli k\u00fclt\u00fcr\u00fcm\u00fcze \u00fcst\u00fcn hizmet \u00f6d\u00fclleri ve milli<br \/>\nk\u00fclt\u00fcr\u00fcm\u00fcze destek \u00f6d\u00fclleri verdi. Belediye ba\u015fkanlar\u0131na \u00d6zbekistan milli k\u0131yafeti \u2018\u2019\u00e7apan\u2019\u2019<br \/>\ngiydirdi. Her y\u00f6reden \u015f\u00f6lene davet edilen belediye ba\u015fkanlar\u0131 da dostluk ve karde\u015flik<br \/>\nmesajlar\u0131 g\u00f6nderdiler.<\/p>\n<p>2013 y\u0131l\u0131nda 8.Kapadokya \u015eiir \u015e\u00f6lenini: \u201cAzerbaycan Dostluk ve Karde\u015flik Gecesi\u201d<br \/>\nolarak d\u00fczenledi. 2014 y\u0131l\u0131nda 9. Kapadokya \u015eiir \u015e\u00f6lenini: \u201cKaraba\u011f\u2019dan T\u00fcrk D\u00fcnyas\u0131na<br \/>\nG\u00f6n\u00fcl K\u00f6pr\u00fcs\u00fc\u2019\u2019 ad\u0131yla Azerbaycan Milletvekili Ganire PA\u015eAYEVA ile ortak bir proje<br \/>\ngeli\u015ftirerek Azerbaycan\u2019da ger\u00e7ekle\u015ftirdi.<\/p>\n<p>9-12 Nisan 2015 Tarihlerinde 2015 Y\u0131l\u0131nda Makedonya Struga \u015eiir Ak\u015famlar\u0131yla<br \/>\ni\u015fbirli\u011fi i\u00e7erisinde 11.Kapadokya \u015eiir \u015e\u00f6leni\u2019 \u201cMakedonya K\u00fclt\u00fcr ve Dostluk Gecesi\u201dni<br \/>\nd\u00fczenledi. Makedonya Cumhurba\u015fkan\u0131 Prof.Dr. Gjorge \u0130vanov\u2019u, Makedonya D\u0131\u015f yat\u0131r\u0131mlardan<br \/>\nSorumlu Devlet Bakan\u0131 Furkan \u00c7ako\u2019yu, ,Struga \u015eiir Ak\u015famlar\u0131 y\u00f6neticilerini, bilim adamlar\u0131,<br \/>\n\u015fair, yazar ve sanat\u00e7\u0131lar\u0131yla birlikte geni\u015f kat\u0131l\u0131ml\u0131 Makedonya heyetini ayr\u0131ca ve Azerbaycan<br \/>\nMilletvekili Dr.Ganire Pa\u015fayev\u2019y\u0131 K.K.T.C Magusa Milletvekili Dr.Arif ALBAYRAK\u2019\u0131 \u015f\u00f6lende<br \/>\nmisafir etti.<\/p>\n<p>Nev\u015fehir Vali Yard\u0131mc\u0131s\u0131 Mustafa Kemal KESK\u0130N ile T\u00fcrk D\u00fcnyas\u0131 Yazarlar ve<br \/>\nSanat\u00e7\u0131lar Vakf\u0131 (Turksav) ba\u015fkan\u0131 Yahya AKENG\u0130N, ara\u015ft\u0131rmac\u0131 \u015fair-yazar Abdullah<br \/>\nSATO\u011eLU, Duran TAMER, Mustafa Ferit YILDIZ ba\u015fta olmak \u00fczere \u015fairler taraf\u0131ndan 2008<br \/>\ny\u0131l\u0131nda 3. Kapadokya \u015eiir \u015e\u00f6leninde PER\u0130 KIZI unvan\u0131 verildi. Kendisine uygun g\u00f6r\u00fclerek<br \/>\nverilen &#8216;Peri K\u0131z\u0131&#8217; mahlas\u0131n\u0131 \u015fiirlerinde kullanmaya ba\u015flad\u0131.<\/p>\n<p>2011 y\u0131l\u0131 i\u00e7erisinde 5 y\u0131ll\u0131k \u015f\u00f6lenlerini anlatan ve belgeleyen \u201cKapadokya \u015fiir \u015f\u00f6leni\u201d<br \/>\nkitab\u0131n\u0131 \u00e7\u0131kard\u0131. 404 sayfadan olu\u015fan Kapadokya \u015eiir \u015e\u00f6leni kitab\u0131nda yerel \u015fairler, T\u00fcrkiye ve<br \/>\nd\u00fcnya \u015fairlerinden olu\u015fan 200\u2019\u00fc a\u015fk\u0131n \u015fairin \u015fiirlerine ve b\u00f6lgenin de\u011ferli gazetecilerinin<br \/>\nKapadokya foto\u011fraflar\u0131na ayr\u0131ca Kapadokya haritas\u0131na yer verdi. Kitab\u0131n Kapadokya ile<br \/>\nb\u00fct\u00fcnle\u015fece\u011fini d\u00fc\u015f\u00fcnerek Kapadokya g\u00fczelli\u011fini \u00fczerinde ta\u015f\u0131mas\u0131 i\u00e7in hi\u00e7bir fedak\u00e2rl\u0131ktan<br \/>\nka\u00e7\u0131nmad\u0131.<\/p>\n<p>2014 Y\u0131l\u0131nda \u201cYa\u015fa Sevdi\u011fim\u201d isimli \u015fiir kitab\u0131n\u0131 \u00e7\u0131kard\u0131.<\/p>\n<p>2012 y\u0131l\u0131nda d\u00fcnyan\u0131n en b\u00fcy\u00fck \u015fiir \u015f\u00f6leni olarak kabul edilen Makedonya Struga \u015fiir<br \/>\nAk\u015famlar\u0131na \u201951. Struga Poetry Even\u0131ngs\u2019 davet edildi. Kat\u0131ld\u0131\u011f\u0131 Struga \u015fiir Ak\u015famlar\u0131nda<br \/>\n\u2018Poetry from f\u0131ve Cont\u0131nents (Be\u015f K\u0131tadan \u015eiir),isimli kitapta 45\u2019in \u00fczerindeki \u00fclkeden \u00fcnl\u00fc<br \/>\n\u015fairin bulundu\u011fu kitapta ve programda \u00f6zge\u00e7mi\u015fi ve \u015fiirleriyle yer ald\u0131. D\u00fcnya \u00e7ap\u0131ndaki<br \/>\netkinlikte yo\u011fun ilgi g\u00f6rd\u00fc.<\/p>\n<p>Kayserili \u015eair ve Yazarlar taraf\u0131ndan 24 \u015eubat 2014 tarihinde Kayseri Yo\u011funbur\u00e7 K\u00fclt\u00fcr<br \/>\nEvinde, Yo\u011funbur\u00e7 \u015eiir Ak\u015famlar\u0131nda Ay\u015fe Paslanmaz\u2019a \u00f6zel \u015fiir gecesi yap\u0131ld\u0131.<\/p>\n<p>\u00c7e\u015fitli yerel gazetelerde, antoloji ve dergilerde yaz\u0131lar yazmakta ve \u015fiirleri<br \/>\nyay\u0131nlanmaktad\u0131r. Bir\u00e7ok ilde d\u00fczenlenen programlarda T\u00fcrk D\u00fcnyas\u0131&#8217;na hizmet \u00f6d\u00fclleri<br \/>\nalmaya devam etmektedir. Ayr\u0131ca \u015fair kimli\u011fi ile de Kapadokya b\u00f6lgesini temsilen yurt i\u00e7i ve<br \/>\nyurtd\u0131\u015f\u0131nda ger\u00e7ekle\u015ftirilen bir\u00e7ok organizasyona kat\u0131l\u0131m ve katk\u0131lar\u0131n\u0131 da s\u00fcrd\u00fcrmektedir.<\/p>\n<p>Kapadokya B\u00f6lgesi ajanslar\u0131ndan birinin ger\u00e7ekle\u015ftirdi\u011fi anketler neticesinde,<br \/>\nKapadokya B\u00f6lgesinde &#8220;2008 Y\u0131l\u0131n\u0131n En \u0130yi \u0130\u015f Kad\u0131n\u0131&#8221; ve firmas\u0131 \u00dcrg\u00fcp FM de &#8220;2008 Y\u0131l\u0131n\u0131n En<br \/>\n\u0130yi Radyosu&#8221; se\u00e7ildi.\u00a0 2010 Y\u0131l\u0131nda Ankara&#8217;da ger\u00e7ekle\u015ftirilen Uluslararas\u0131 Radyocular Birli\u011fi<br \/>\n(IRU) taraf\u0131ndan d\u00fczenlenen\u00a0 \u201cAlk\u0131\u015f\u0131 Hak Edenler\u201d \u00f6d\u00fcllerinde ise &#8220;En \u0130yi Yerel Radyo ve En \u0130yi<br \/>\nOrganize&#8221; \u00f6d\u00fcllerine lay\u0131k g\u00f6r\u00fcld\u00fc.<\/p>\n<p>10.04.2015 tarihinde Sanata ve k\u00fclt\u00fcr yapm\u0131\u015f oldu\u011fu katk\u0131lardan dolay\u0131 K.K.T.C Meclis<br \/>\nBa\u015fkan\u0131 Dr.Sibel Siber\u2019den\u00a0 \u2018Te\u015fekk\u00fcr Plaketi\u2019<br \/>\n10.04.2015 \u0130dealist Kad\u0131nlar Birli\u011fi taraf\u0131ndan \u2018Ba\u015far\u0131 Plaketi\u2019,<br \/>\n10.04.2015 K\u00fclt\u00fcr Turizm ve Kalk\u0131nma Federasyonu \u2018Ba\u015far\u0131 Plaketi\u2019<br \/>\n10.04.2015 Birle\u015fen Y\u00fcrekler Derne\u011fi \u20182015 Y\u0131l\u0131n\u0131n Ba\u015far\u0131l\u0131 Organizat\u00f6r\u00fc ve<br \/>\nOrganizasyonu Onur \u00d6d\u00fcl\u00fc\u2019<br \/>\n20.05.2014 Y\u0131l\u0131nda Nev\u015fehir Gazeteciler Cemiyeti taraf\u0131ndan \u2018Y\u0131l\u0131n Enleri\u2019nde \u2018\u2019Y\u0131l\u0131n<br \/>\nsanat\u00e7\u0131s\u0131\u2019\u2019<br \/>\n14.11.2014 Tarihinde T\u00fcrkiye \u015eair ve Yazarlar\u0131 taraf\u0131ndan \u201cT\u00fcrk \u015eiirine Hizmet \u00d6d\u00fcl\u00fc\u201d<br \/>\n14.11.2014 tarihinde Kemer sanat Platformu taraf\u0131ndan \u201c Edebiyata Katk\u0131lar\u0131ndan<br \/>\nDolay\u0131 Ba\u015far\u0131 Kupas\u0131,<br \/>\n12.12.2014 Tarihinde K\u00fclt\u00fcr ve Turizm Kalk\u0131nma Federasyonu taraf\u0131ndan \u201cBa\u015far\u0131<br \/>\nPlaketi\u201d,<br \/>\n12.12.2014 Tarihinde Ankara Sanat Platformu taraf\u0131ndan \u201c Hizmet \u015eeref \u00d6d\u00fcl\u00fc\u201d,<br \/>\nMeclis Televizyonu ve D\u00fcnya Gazeteciler Derne\u011fi\u2019nin organize etti\u011fi Medya Oskarlar\u0131<br \/>\n\u00f6d\u00fcl T\u00f6reninde \u201cT\u00fcrkiye\u2019nin En \u0130yi Yerel Radyosu \u00dcrg\u00fcp FM se\u00e7ildi. 30 Ocak 2015 tarihinde,<br \/>\nAnkara Ticaret Odas\u0131nda ger\u00e7ekle\u015ftirilen t\u00f6rende, \u00dcrg\u00fcp FM Y\u00f6netim Kurulu Ba\u015fkan\u0131 Ay\u015fe<br \/>\nPaslanmaz\u2019a \u00f6d\u00fcl\u00fcn\u00fc Ba\u015fbakan M\u00fc\u015faviri Hamdi \u015eengel takdim etti.<\/p>\n<p><strong>Di\u011fer \u00d6d\u00fclleri:<\/strong><br \/>\n-Kayseri K\u00fclt\u00fcr ve Turizm Derne\u011fi &#8211; Te\u015fekk\u00fcr Belgesi (2007)<br \/>\n-Erciyes Fikir ve Sanat Dergisi &#8211; Te\u015fekk\u00fcr Belgesi (2007)<br \/>\n-Almanya &#8211; Avrupa Nev\u015fehirliler K\u00fclt\u00fcr ve Dayan\u0131\u015fma Derne\u011fi- Ba\u015far\u0131 Plaketi &#8211; 2009<br \/>\n-Erciyes \u015eair ve Yazarlar Derne\u011fi(ER\u015eADER)<br \/>\nT\u00fcrk \u015eiirine ve K\u00fclt\u00fcr\u00fcne Hizmet \u00d6d\u00fcl\u00fc (2010)<br \/>\n-Kayseri B\u00fcy\u00fck\u015fehir Belediyesi-Te\u015fekk\u00fcr Plaketi (2010)<br \/>\n-Antalya Kemer Belediyesi Taraf\u0131ndan Plaket (2011),<br \/>\n-Bursa Y\u0131ld\u0131r\u0131m Belediyesi Taraf\u0131ndan Plaket (2011),<br \/>\n-\u0130LESAM Taraf\u0131ndan Plaketler (2010-2011-2012),<br \/>\n-Azerbaycan &#8211; D\u00fcnya Gen\u00e7 T\u00fcrk Yazarlar Birli\u011fi<br \/>\n\u015e\u00fckran Belgesi- 2012<br \/>\n-\u00c7\u0131ng\u0131 K\u00fclt\u00fcr Sanat Edebiyat Dergisi &#8211; Te\u015fekk\u00fcr Belgesi (2012)<br \/>\n-Uluslararas\u0131 Ankara Ba\u015fkent Sanat Ba\u015far\u0131 \u00f6d\u00fcl\u00fc &#8211; 2013<br \/>\n(Kupa &#8211; Ba\u015far\u0131 Belgesi &#8211; Takdirname)<br \/>\n-Uluslararas\u0131 Ankara K\u00fclt\u00fcr Sanat E\u011fitim \u015e\u00f6leni-Bas\u0131n Medya Onur \u00d6d\u00fcl\u00fc<br \/>\nTakdirname &#8211; 2013<br \/>\n-Uluslararas\u0131 Ankara Hatsan Oskar \u00d6d\u00fcl\u00fc &#8211; 2013<br \/>\n-Kerk\u00fck K\u00fclt\u00fcr Derne\u011fi Taraf\u0131ndan Kerk\u00fck T\u00fcrkmen K\u00fclt\u00fcr\u00fcne Hizmet \u00d6d\u00fcl\u00fc-2013<br \/>\n-Avrasya Uluslararas\u0131 Ara\u015ft\u0131rmalar Enstit\u00fcs\u00fc<br \/>\nT\u00fcrk D\u00fcnyas\u0131na Hizmet \u00d6d\u00fcl\u00fc-2013<br \/>\n-Azerbaycan &#8211; D\u00fcnya Gen\u00e7 T\u00fcrk Yazarlar Birli\u011fi<br \/>\nT\u00fcrk D\u00fcnyas\u0131na Hizmet \u00f6d\u00fcl\u00fc-2013<br \/>\n-Anadolu \u00dcniversitesi Uluslararas\u0131 \u0130li\u015fkiler B\u00f6l\u00fcm\u00fc 4.S\u0131n\u0131f<br \/>\n2012-2013 \u00d6\u011fretim Y\u0131l\u0131 &#8211; Onur Belgesi<br \/>\n2014 Y\u0131l\u0131nda T\u00fcrkiye \u015fairleri taraf\u0131ndan \u201cT\u00fcrk \u015eiirne Hizmet \u00f6d\u00fcl\u00fc\u201dald\u0131.<br \/>\n-K.K.T.C Harnup Festivali 6-9.09.2012 Tatl\u0131su \/K\u0131br\u0131s<br \/>\nOrganize: K\u0131br\u0131s Tatl\u0131su Belediyesi ve K\u0131batek<br \/>\n-20.Uluslararas\u0131 Hazar \u015eiir Ak\u015famlar\u0131<br \/>\nOrganize: Elaz\u0131\u011f valili\u011fi ve Elaz\u0131\u011f Belediyesi<br \/>\nTarih:21-24.06.2012 Elaz\u0131\u011f<br \/>\n-5. Erciyes \u015eiir G\u00fcnleri<br \/>\nOrganize: Kayseri B\u00fcy\u00fck\u015fehir Belediyesi<br \/>\nTarih:27. 03.2010 Kayseri<br \/>\n-1.Uluslararas\u0131 Bodrum K\u00fclt\u00fcr ve Sanat \u015e\u00f6leni<br \/>\nOrganize: Bodrum kaymakaml\u0131\u011f\u0131 ve Bodrum Belediyesi<\/p>\n<p><strong>Sevdi\u011fi S\u00f6zler<\/strong><\/p>\n<p>* SU DAMLAYA DAMLAYA MERMER\u0130 ER\u0130T\u0130R. MERMER\u0130 ER\u0130TEN SU DE\u011e\u0130L SUYUN<br \/>\nS\u00dcREKL\u0130L\u0130\u011e\u0130D\u0130R&#8230;<\/p>\n<p>*KIYIYI G\u00d6ZDEN KAYBETMEYE CESARET\u0130N YOKSA OKYANUSLARA ULA\u015eAMAZSIN&#8230;<\/p>\n<p>* \u00c7ALI\u015eMANIN K\u00d6LES\u0130 OLMADAN BA\u015eARININ EFEND\u0130S\u0130 OLUNMAZ&#8230;<\/p>\n<p>* \u0130NSANLARIN G\u00dcVEN\u0130N\u0130 KAYBETMEKTENSE PARA KAYBETMEY\u0130 TERC\u0130H EDER\u0130M&#8230;<\/p>\n<p>* H\u0130\u00c7 K\u0130MSEN\u0130N G\u00dcC\u00dc M\u00dcKEMMEL B\u0130R \u0130\u015e\u0130 G\u00d6RMEMEZL\u0130\u011eE YETMEZ, M\u00dcKEMMEL<br \/>\n\u0130\u015eKEND\u0130N\u0130 M\u00dcKEMMEL \u015eEK\u0130LDE KABUL ETT\u0130R\u0130R&#8230;<\/p>\n<p>* \u0130NAN\u00c7, KARAR, HEDEF, EYLEM: BA\u015eARI&#8230;<\/p>\n<p>* \u00c7ALI\u015eAN \u0130NSANLAR K\u00d6T\u00dcL\u00dcK D\u00dc\u015e\u00dcNMEYE VAK\u0130T BULAMAZLAR, \u00c7ALI\u015eMAYANLAR<br \/>\n\u0130SE KEND\u0130LER\u0130N\u0130K\u00d6T\u00dcL\u00dcKTEN KURTARAMAZLAR&#8230;.<\/p>\n<p>* Z\u0130RVEYE OYNAYIN! ENERJ\u0130N\u0130Z\u0130N NELERE MUKTED\u0130R OLDU\u011eUNU KAVRARSANIZ<br \/>\nBA\u015eARI S\u0130Z\u0130\u0130ZLEMEYE BA\u015eLAR&#8230;<\/p>\n<p>* ZAFER \u0130LERDED\u0130R. S\u0130Z Y\u00dcR\u00dcD\u00dcK\u00c7E ZORLUKLARIN AYAKLARINIZ ALTINDA<br \/>\nER\u0130D\u0130\u011e\u0130N\u0130G\u00d6RECEKS\u0130N\u0130Z&#8230;<\/p>\n<p>* K\u0130ML\u0130KS\u0130Z \u0130NSAN GER\u00c7EK DE\u011e\u0130LD\u0130R&#8230;<\/p>\n<p>* G\u00dcZEL G\u00d6REN G\u00dcZEL D\u00dc\u015e\u00dcN\u00dcR, G\u00dcZEL D\u00dc\u015e\u00dcNEN HAYATTAN LEZZET ALIR.<\/p>\n","protected":false},"excerpt":{"rendered":"<p>1992 yilinda Kral FM logosu ile Kapadokya b\u00f6lgesine yayin yaparak yay\u0131n hayat\u0131na ba\u015flayan radyomuzun, g\u00fcn\u00fcm\u00fcze gelene kadar var olmasinda eme\u011fi ge\u00e7en herkese te\u015fekk\u00fcr ederiz. 02 \u015eubat 2007 tarihinde Paslanmaz Ajans A.\u015e. sahibi Ayse PASLANMAZ&#8217;a devri ger\u00e7ekle\u015fen radyomuzun o d\u00f6nemden sonra bir \u00e7ok \u00f6zelli\u011fi revize edilmi\u015ftir. Yeni y\u00f6netim, yenilenen alt yap\u0131si ile kapsama alani daha da [&hellip;]<\/p>\n","protected":false},"author":1,"featured_media":143,"parent":0,"menu_order":0,"comment_status":"closed","ping_status":"closed","template":"","meta":{"footnotes":""},"class_list":["post-11","page","type-page","status-publish","has-post-thumbnail","hentry"],"_links":{"self":[{"href":"http:\/\/radyo50.com\/index.php\/wp-json\/wp\/v2\/pages\/11","targetHints":{"allow":["GET"]}}],"collection":[{"href":"http:\/\/radyo50.com\/index.php\/wp-json\/wp\/v2\/pages"}],"about":[{"href":"http:\/\/radyo50.com\/index.php\/wp-json\/wp\/v2\/types\/page"}],"author":[{"embeddable":true,"href":"http:\/\/radyo50.com\/index.php\/wp-json\/wp\/v2\/users\/1"}],"replies":[{"embeddable":true,"href":"http:\/\/radyo50.com\/index.php\/wp-json\/wp\/v2\/comments?post=11"}],"version-history":[{"count":1,"href":"http:\/\/radyo50.com\/index.php\/wp-json\/wp\/v2\/pages\/11\/revisions"}],"predecessor-version":[{"id":245,"href":"http:\/\/radyo50.com\/index.php\/wp-json\/wp\/v2\/pages\/11\/revisions\/245"}],"wp:featuredmedia":[{"embeddable":true,"href":"http:\/\/radyo50.com\/index.php\/wp-json\/wp\/v2\/media\/143"}],"wp:attachment":[{"href":"http:\/\/radyo50.com\/index.php\/wp-json\/wp\/v2\/media?parent=11"}],"curies":[{"name":"wp","href":"https:\/\/api.w.org\/{rel}","templated":true}]}}